{"id":448,"date":"2022-11-18T16:50:45","date_gmt":"2022-11-18T16:50:45","guid":{"rendered":"https:\/\/espaiblaussa.com\/?page_id=448"},"modified":"2023-11-14T16:09:26","modified_gmt":"2023-11-14T16:09:26","slug":"psicologia-infantil","status":"publish","type":"page","link":"https:\/\/espaiblaussa.com\/es\/psicologia-infantil\/","title":{"rendered":"Psicologia infantil"},"content":{"rendered":"<div data-elementor-type=\"wp-page\" data-elementor-id=\"448\" class=\"elementor elementor-448\">\n\t\t\t\t\t\t\t\t\t<section class=\"elementor-section elementor-top-section elementor-element elementor-element-d3eec60 elementor-section-boxed elementor-section-height-default elementor-section-height-default\" data-id=\"d3eec60\" data-element_type=\"section\" data-settings=\"{&quot;background_background&quot;:&quot;classic&quot;}\">\n\t\t\t\t\t\t<div class=\"elementor-container elementor-column-gap-default\">\n\t\t\t\t\t<div class=\"elementor-column elementor-col-50 elementor-top-column elementor-element elementor-element-0601a63\" data-id=\"0601a63\" data-element_type=\"column\">\n\t\t\t<div class=\"elementor-widget-wrap elementor-element-populated\">\n\t\t\t\t\t\t\t\t<div class=\"elementor-element elementor-element-d7e9b40 elementor-widget elementor-widget-heading\" data-id=\"d7e9b40\" data-element_type=\"widget\" data-widget_type=\"heading.default\">\n\t\t\t\t<div class=\"elementor-widget-container\">\n\t\t\t<style>\/*! elementor - v3.11.3 - 07-03-2023 *\/\n.elementor-heading-title{padding:0;margin:0;line-height:1}.elementor-widget-heading .elementor-heading-title[class*=elementor-size-]>a{color:inherit;font-size:inherit;line-height:inherit}.elementor-widget-heading .elementor-heading-title.elementor-size-small{font-size:15px}.elementor-widget-heading .elementor-heading-title.elementor-size-medium{font-size:19px}.elementor-widget-heading .elementor-heading-title.elementor-size-large{font-size:29px}.elementor-widget-heading .elementor-heading-title.elementor-size-xl{font-size:39px}.elementor-widget-heading .elementor-heading-title.elementor-size-xxl{font-size:59px}<\/style><h2 class=\"elementor-heading-title elementor-size-default\">Psicologia infantil<\/h2>\t\t<\/div>\n\t\t\t\t<\/div>\n\t\t\t\t\t<\/div>\n\t\t<\/div>\n\t\t\t\t<div class=\"elementor-column elementor-col-50 elementor-top-column elementor-element elementor-element-42c85e2\" data-id=\"42c85e2\" data-element_type=\"column\">\n\t\t\t<div class=\"elementor-widget-wrap elementor-element-populated\">\n\t\t\t\t\t\t\t\t<div class=\"elementor-element elementor-element-6b70045 elementor-align-right elementor-hidden-mobile elementor-widget elementor-widget-button\" data-id=\"6b70045\" data-element_type=\"widget\" data-widget_type=\"button.default\">\n\t\t\t\t<div class=\"elementor-widget-container\">\n\t\t\t\t\t<div class=\"elementor-button-wrapper\">\n\t\t\t<a href=\"#contacte\" class=\"elementor-button-link elementor-button elementor-size-sm\" role=\"button\">\n\t\t\t\t\t\t<span class=\"elementor-button-content-wrapper\">\n\t\t\t\t\t\t<span class=\"elementor-button-text\">Contacta'm<\/span>\n\t\t<\/span>\n\t\t\t\t\t<\/a>\n\t\t<\/div>\n\t\t\t\t<\/div>\n\t\t\t\t<\/div>\n\t\t\t\t\t<\/div>\n\t\t<\/div>\n\t\t\t\t\t\t\t<\/div>\n\t\t<\/section>\n\t\t\t\t<section class=\"elementor-section elementor-top-section elementor-element elementor-element-51c4d51 elementor-section-content-middle elementor-section-boxed elementor-section-height-default elementor-section-height-default\" data-id=\"51c4d51\" data-element_type=\"section\">\n\t\t\t\t\t\t<div class=\"elementor-container elementor-column-gap-default\">\n\t\t\t\t\t<div class=\"elementor-column elementor-col-50 elementor-top-column elementor-element elementor-element-17a24b8\" data-id=\"17a24b8\" data-element_type=\"column\">\n\t\t\t<div class=\"elementor-widget-wrap elementor-element-populated\">\n\t\t\t\t\t\t\t\t<div class=\"elementor-element elementor-element-697d0d8 elementor-widget elementor-widget-heading\" data-id=\"697d0d8\" data-element_type=\"widget\" data-widget_type=\"heading.default\">\n\t\t\t\t<div class=\"elementor-widget-container\">\n\t\t\t<h2 class=\"elementor-heading-title elementor-size-default\">Vetllar i acompanyar<\/h2>\t\t<\/div>\n\t\t\t\t<\/div>\n\t\t\t\t<div class=\"elementor-element elementor-element-a4bd3ce elementor-widget elementor-widget-text-editor\" data-id=\"a4bd3ce\" data-element_type=\"widget\" data-widget_type=\"text-editor.default\">\n\t\t\t\t<div class=\"elementor-widget-container\">\n\t\t\t<style>\/*! elementor - v3.11.3 - 07-03-2023 *\/\n.elementor-widget-text-editor.elementor-drop-cap-view-stacked .elementor-drop-cap{background-color:#818a91;color:#fff}.elementor-widget-text-editor.elementor-drop-cap-view-framed .elementor-drop-cap{color:#818a91;border:3px solid;background-color:transparent}.elementor-widget-text-editor:not(.elementor-drop-cap-view-default) .elementor-drop-cap{margin-top:8px}.elementor-widget-text-editor:not(.elementor-drop-cap-view-default) .elementor-drop-cap-letter{width:1em;height:1em}.elementor-widget-text-editor .elementor-drop-cap{float:left;text-align:center;line-height:1;font-size:50px}.elementor-widget-text-editor .elementor-drop-cap-letter{display:inline-block}<\/style>\t\t\t\t<p><span style=\"font-weight: 400;\">L&#8217;atenci\u00f3\u00a0psicol\u00f2gia\u00a0i emocional de l&#8217;infant i l&#8217;adolescent t\u00e9 com a finalitat vetllar i procurar pel seu benestar, ajudant a superar les dificultats que es trobaran en les diferents etapes del proc\u00e9s de creixement i maduraci\u00f3. Al meu costat, el nen aprendr\u00e0 una s\u00e8rie de recursos per superar aquestes situacions i prevenir-les en un futur.<\/span><\/p>\t\t\t\t\t\t<\/div>\n\t\t\t\t<\/div>\n\t\t\t\t<div class=\"elementor-element elementor-element-c7f4ce8 elementor-align-left elementor-widget elementor-widget-button\" data-id=\"c7f4ce8\" data-element_type=\"widget\" data-widget_type=\"button.default\">\n\t\t\t\t<div class=\"elementor-widget-container\">\n\t\t\t\t\t<div class=\"elementor-button-wrapper\">\n\t\t\t<a href=\"https:\/\/espaiblaussa.com\/es\/\" class=\"elementor-button-link elementor-button elementor-size-sm\" role=\"button\">\n\t\t\t\t\t\t<span class=\"elementor-button-content-wrapper\">\n\t\t\t\t\t\t<span class=\"elementor-button-text\">Consulta tarifes<\/span>\n\t\t<\/span>\n\t\t\t\t\t<\/a>\n\t\t<\/div>\n\t\t\t\t<\/div>\n\t\t\t\t<\/div>\n\t\t\t\t\t<\/div>\n\t\t<\/div>\n\t\t\t\t<div class=\"elementor-column elementor-col-50 elementor-top-column elementor-element elementor-element-5d384da\" data-id=\"5d384da\" data-element_type=\"column\">\n\t\t\t<div class=\"elementor-widget-wrap elementor-element-populated\">\n\t\t\t\t\t\t\t\t<div class=\"elementor-element elementor-element-02c62ce elementor-widget elementor-widget-image\" data-id=\"02c62ce\" data-element_type=\"widget\" data-widget_type=\"image.default\">\n\t\t\t\t<div class=\"elementor-widget-container\">\n\t\t\t<style>\/*! elementor - v3.11.3 - 07-03-2023 *\/\n.elementor-widget-image{text-align:center}.elementor-widget-image a{display:inline-block}.elementor-widget-image a img[src$=\".svg\"]{width:48px}.elementor-widget-image img{vertical-align:middle;display:inline-block}<\/style>\t\t\t\t\t\t\t\t\t\t\t\t<img loading=\"lazy\" decoding=\"async\" width=\"2560\" height=\"1707\" src=\"https:\/\/espaiblaussa.com\/wp-content\/uploads\/2022\/11\/img-psico-infantil-scaled.jpg\" class=\"attachment-full size-full wp-image-260\" alt=\"\" srcset=\"https:\/\/espaiblaussa.com\/wp-content\/uploads\/2022\/11\/img-psico-infantil-scaled.jpg 2560w, https:\/\/espaiblaussa.com\/wp-content\/uploads\/2022\/11\/img-psico-infantil-300x200.jpg 300w, https:\/\/espaiblaussa.com\/wp-content\/uploads\/2022\/11\/img-psico-infantil-1024x683.jpg 1024w, https:\/\/espaiblaussa.com\/wp-content\/uploads\/2022\/11\/img-psico-infantil-768x512.jpg 768w, https:\/\/espaiblaussa.com\/wp-content\/uploads\/2022\/11\/img-psico-infantil-1536x1024.jpg 1536w, https:\/\/espaiblaussa.com\/wp-content\/uploads\/2022\/11\/img-psico-infantil-2048x1365.jpg 2048w, https:\/\/espaiblaussa.com\/wp-content\/uploads\/2022\/11\/img-psico-infantil-18x12.jpg 18w\" sizes=\"auto, (max-width: 2560px) 100vw, 2560px\" \/>\t\t\t\t\t\t\t\t\t\t\t\t\t\t\t<\/div>\n\t\t\t\t<\/div>\n\t\t\t\t<div class=\"elementor-element elementor-element-c8d0cb2 elementor-widget__width-initial elementor-absolute elementor-hidden-phone elementor-widget elementor-widget-image\" data-id=\"c8d0cb2\" data-element_type=\"widget\" data-settings=\"{&quot;_position&quot;:&quot;absolute&quot;}\" data-widget_type=\"image.default\">\n\t\t\t\t<div class=\"elementor-widget-container\">\n\t\t\t\t\t\t\t\t\t\t\t\t\t\t\t<img loading=\"lazy\" decoding=\"async\" width=\"300\" height=\"300\" src=\"https:\/\/espaiblaussa.com\/wp-content\/uploads\/2022\/11\/Circle-2-300x300.png\" class=\"attachment-medium size-medium wp-image-253\" alt=\"\" srcset=\"https:\/\/espaiblaussa.com\/wp-content\/uploads\/2022\/11\/Circle-2-300x300.png 300w, https:\/\/espaiblaussa.com\/wp-content\/uploads\/2022\/11\/Circle-2-1024x1024.png 1024w, https:\/\/espaiblaussa.com\/wp-content\/uploads\/2022\/11\/Circle-2-150x150.png 150w, https:\/\/espaiblaussa.com\/wp-content\/uploads\/2022\/11\/Circle-2-768x768.png 768w, https:\/\/espaiblaussa.com\/wp-content\/uploads\/2022\/11\/Circle-2-1536x1536.png 1536w, https:\/\/espaiblaussa.com\/wp-content\/uploads\/2022\/11\/Circle-2-2048x2048.png 2048w, https:\/\/espaiblaussa.com\/wp-content\/uploads\/2022\/11\/Circle-2-12x12.png 12w, https:\/\/espaiblaussa.com\/wp-content\/uploads\/2022\/11\/elementor\/thumbs\/Circle-2-pxk7ql37jfjoe8hp94b2lybmeytjteiew4ki8xytao.png 200w\" sizes=\"auto, (max-width: 300px) 100vw, 300px\" \/>\t\t\t\t\t\t\t\t\t\t\t\t\t\t\t<\/div>\n\t\t\t\t<\/div>\n\t\t\t\t\t<\/div>\n\t\t<\/div>\n\t\t\t\t\t\t\t<\/div>\n\t\t<\/section>\n\t\t\t\t<section class=\"elementor-section elementor-top-section elementor-element elementor-element-39f0f017 elementor-section-boxed elementor-section-height-default elementor-section-height-default\" data-id=\"39f0f017\" data-element_type=\"section\" data-settings=\"{&quot;background_background&quot;:&quot;gradient&quot;}\">\n\t\t\t\t\t\t<div class=\"elementor-container elementor-column-gap-default\">\n\t\t\t\t\t<div class=\"elementor-column elementor-col-100 elementor-top-column elementor-element elementor-element-3a408fa3\" data-id=\"3a408fa3\" data-element_type=\"column\">\n\t\t\t<div class=\"elementor-widget-wrap elementor-element-populated\">\n\t\t\t\t\t\t\t\t<div class=\"elementor-element elementor-element-26b789c7 elementor-widget elementor-widget-heading\" data-id=\"26b789c7\" data-element_type=\"widget\" data-widget_type=\"heading.default\">\n\t\t\t\t<div class=\"elementor-widget-container\">\n\t\t\t<h2 class=\"elementor-heading-title elementor-size-default\">Ter\u00e0pies<\/h2>\t\t<\/div>\n\t\t\t\t<\/div>\n\t\t\t\t<section class=\"elementor-section elementor-inner-section elementor-element elementor-element-203c6277 elementor-section-boxed elementor-section-height-default elementor-section-height-default\" data-id=\"203c6277\" data-element_type=\"section\">\n\t\t\t\t\t\t<div class=\"elementor-container elementor-column-gap-default\">\n\t\t\t\t\t<div class=\"elementor-column elementor-col-50 elementor-inner-column elementor-element elementor-element-4b9c4a1d\" data-id=\"4b9c4a1d\" data-element_type=\"column\" data-settings=\"{&quot;background_background&quot;:&quot;classic&quot;}\">\n\t\t\t<div class=\"elementor-widget-wrap elementor-element-populated\">\n\t\t\t\t\t\t\t\t<div class=\"elementor-element elementor-element-14a25bf elementor-widget elementor-widget-heading\" data-id=\"14a25bf\" data-element_type=\"widget\" data-widget_type=\"heading.default\">\n\t\t\t\t<div class=\"elementor-widget-container\">\n\t\t\t<h2 class=\"elementor-heading-title elementor-size-default\">Emocions i conducta<\/h2>\t\t<\/div>\n\t\t\t\t<\/div>\n\t\t\t\t<div class=\"elementor-element elementor-element-c581459 elementor-widget elementor-widget-text-editor\" data-id=\"c581459\" data-element_type=\"widget\" data-widget_type=\"text-editor.default\">\n\t\t\t\t<div class=\"elementor-widget-container\">\n\t\t\t\t\t\t\t<p><span style=\"font-weight: 400;\">La psicologia infantojuvenil est\u00e0 dirigida a tots aquells nens i adolescents que presenten problemes emocionals, conductes desadaptatives o situacions socials i\/o familiars disfuncionals que generen malestar a l&#8217;infant i a les seves fam\u00edlies. Aquest malestar pot interferir negativament en el desenvolupament i l&#8217;adaptaci\u00f3 del nen en el m\u00f3n que l&#8217;envolta.<\/span><\/p>\t\t\t\t\t\t<\/div>\n\t\t\t\t<\/div>\n\t\t\t\t<div class=\"elementor-element elementor-element-0ba9165 elementor-widget elementor-widget-toggle\" data-id=\"0ba9165\" data-element_type=\"widget\" data-widget_type=\"toggle.default\">\n\t\t\t\t<div class=\"elementor-widget-container\">\n\t\t\t<style>\/*! elementor - v3.11.3 - 07-03-2023 *\/\n.elementor-toggle{text-align:left}.elementor-toggle .elementor-tab-title{font-weight:700;line-height:1;margin:0;padding:15px;border-bottom:1px solid #d4d4d4;cursor:pointer;outline:none}.elementor-toggle .elementor-tab-title .elementor-toggle-icon{display:inline-block;width:1em}.elementor-toggle .elementor-tab-title .elementor-toggle-icon svg{-webkit-margin-start:-5px;margin-inline-start:-5px;width:1em;height:1em}.elementor-toggle .elementor-tab-title .elementor-toggle-icon.elementor-toggle-icon-right{float:right;text-align:right}.elementor-toggle .elementor-tab-title .elementor-toggle-icon.elementor-toggle-icon-left{float:left;text-align:left}.elementor-toggle .elementor-tab-title .elementor-toggle-icon .elementor-toggle-icon-closed{display:block}.elementor-toggle .elementor-tab-title .elementor-toggle-icon .elementor-toggle-icon-opened{display:none}.elementor-toggle .elementor-tab-title.elementor-active{border-bottom:none}.elementor-toggle .elementor-tab-title.elementor-active .elementor-toggle-icon-closed{display:none}.elementor-toggle .elementor-tab-title.elementor-active .elementor-toggle-icon-opened{display:block}.elementor-toggle .elementor-tab-content{padding:15px;border-bottom:1px solid #d4d4d4;display:none}@media (max-width:767px){.elementor-toggle .elementor-tab-title{padding:12px}.elementor-toggle .elementor-tab-content{padding:12px 10px}}.e-con-inner>.elementor-widget-toggle,.e-con>.elementor-widget-toggle{width:var(--container-widget-width);--flex-grow:var(--container-widget-flex-grow)}<\/style>\t\t<div class=\"elementor-toggle\" role=\"tablist\">\n\t\t\t\t\t\t\t<div class=\"elementor-toggle-item\">\n\t\t\t\t\t<div id=\"elementor-tab-title-1221\" class=\"elementor-tab-title\" data-tab=\"1\" role=\"tab\" aria-controls=\"elementor-tab-content-1221\" aria-expanded=\"false\">\n\t\t\t\t\t\t\t\t\t\t\t\t<span class=\"elementor-toggle-icon elementor-toggle-icon-left\" aria-hidden=\"true\">\n\t\t\t\t\t\t\t\t\t\t\t\t\t\t\t<span class=\"elementor-toggle-icon-closed\"><i class=\"fas fa-plus\"><\/i><\/span>\n\t\t\t\t\t\t\t\t<span class=\"elementor-toggle-icon-opened\"><i class=\"elementor-toggle-icon-opened fas fa-minus\"><\/i><\/span>\n\t\t\t\t\t\t\t\t\t\t\t\t\t<\/span>\n\t\t\t\t\t\t\t\t\t\t\t\t<a href=\"\" class=\"elementor-toggle-title\">Trastorns emocionals i conductuals<\/a>\n\t\t\t\t\t<\/div>\n\n\t\t\t\t\t<div id=\"elementor-tab-content-1221\" class=\"elementor-tab-content elementor-clearfix\" data-tab=\"1\" role=\"tabpanel\" aria-labelledby=\"elementor-tab-title-1221\"><ul><li><span style=\"font-weight: 400;\">Problemes i trastorns de la conducta.<\/span><span style=\"font-weight: 400;\"><br \/><\/span><\/li><li><span style=\"font-weight: 400;\">Problemes i trastorns de l&#8217;estat d&#8217;\u00e0nim (ansietat, depressi\u00f3, tristesa..).<\/span><span style=\"font-weight: 400;\"><br \/><\/span><\/li><li><span style=\"font-weight: 400;\">Obsessions, trastorn\u00a0obsessiu &#8211; compulsiu\u00a0(TOC).<\/span><span style=\"font-weight: 400;\"><br \/><\/span><\/li><li><span style=\"font-weight: 400;\">Pors i f\u00f2bies.<\/span><span style=\"font-weight: 400;\"><br \/><\/span><\/li><li><span style=\"font-weight: 400;\">Baixa autoestima.<\/span><span style=\"font-weight: 400;\"><br \/><\/span><\/li><li><span style=\"font-weight: 400;\">Timidesa i inseguretats.<\/span><span style=\"font-weight: 400;\"><br \/><\/span><\/li><li><span style=\"font-weight: 400;\">Dificultats\u00a0de comunicaci\u00f3 i habilitats socials.<\/span><span style=\"font-weight: 400;\"><br \/><\/span><\/li><li><span style=\"font-weight: 400;\">Gesti\u00f3 de les emocions i de la frustraci\u00f3.<\/span><span style=\"font-weight: 400;\"><br \/><\/span><\/li><li><span style=\"font-weight: 400;\">Intervenci\u00f3 en casos d&#8217;assetjament escolar.<\/span><span style=\"font-weight: 400;\"><br \/><\/span><\/li><li><span style=\"font-weight: 400;\">Trastorns d&#8217;adaptaci\u00f3 (separaci\u00f3 dels pares, canvi de domicili, nova situaci\u00f3 familiar, etc.).<\/span><span style=\"font-weight: 400;\"><br \/><\/span><\/li><li><span style=\"font-weight: 400;\">Intervenci\u00f3 en processos de dol.<\/span><span style=\"font-weight: 400;\"><br \/><\/span><\/li><li><span style=\"font-weight: 400;\">Trastorns d&#8217;ingesta i de la conducta aliment\u00e0ria i trastorns de la imatge corporal.<\/span><span style=\"font-weight: 400;\"><br \/><\/span><\/li><li><span style=\"font-weight: 400;\">Trastorn de l&#8217;espectre autista (TEA).<\/span><span style=\"font-weight: 400;\"><br \/><\/span><\/li><li><span style=\"font-weight: 400;\">Atenci\u00f3 emocional a la discapacitat.<\/span><\/li><\/ul><\/div>\n\t\t\t\t<\/div>\n\t\t\t\t\t\t\t\t<\/div>\n\t\t\t\t<\/div>\n\t\t\t\t<\/div>\n\t\t\t\t<div class=\"elementor-element elementor-element-c7fca2d elementor-widget elementor-widget-image\" data-id=\"c7fca2d\" data-element_type=\"widget\" data-widget_type=\"image.default\">\n\t\t\t\t<div class=\"elementor-widget-container\">\n\t\t\t\t\t\t\t\t\t\t\t\t\t\t\t<img loading=\"lazy\" decoding=\"async\" width=\"2560\" height=\"1707\" src=\"https:\/\/espaiblaussa.com\/wp-content\/uploads\/2022\/11\/nens-adolescents-2-scaled.jpg\" class=\"elementor-animation-sink attachment-full size-full wp-image-495\" alt=\"\" srcset=\"https:\/\/espaiblaussa.com\/wp-content\/uploads\/2022\/11\/nens-adolescents-2-scaled.jpg 2560w, https:\/\/espaiblaussa.com\/wp-content\/uploads\/2022\/11\/nens-adolescents-2-300x200.jpg 300w, https:\/\/espaiblaussa.com\/wp-content\/uploads\/2022\/11\/nens-adolescents-2-1024x683.jpg 1024w, https:\/\/espaiblaussa.com\/wp-content\/uploads\/2022\/11\/nens-adolescents-2-768x512.jpg 768w, https:\/\/espaiblaussa.com\/wp-content\/uploads\/2022\/11\/nens-adolescents-2-1536x1024.jpg 1536w, https:\/\/espaiblaussa.com\/wp-content\/uploads\/2022\/11\/nens-adolescents-2-2048x1365.jpg 2048w, https:\/\/espaiblaussa.com\/wp-content\/uploads\/2022\/11\/nens-adolescents-2-18x12.jpg 18w\" sizes=\"auto, (max-width: 2560px) 100vw, 2560px\" \/>\t\t\t\t\t\t\t\t\t\t\t\t\t\t\t<\/div>\n\t\t\t\t<\/div>\n\t\t\t\t\t<\/div>\n\t\t<\/div>\n\t\t\t\t<div class=\"elementor-column elementor-col-50 elementor-inner-column elementor-element elementor-element-67794d3\" data-id=\"67794d3\" data-element_type=\"column\" data-settings=\"{&quot;background_background&quot;:&quot;classic&quot;}\">\n\t\t\t<div class=\"elementor-widget-wrap elementor-element-populated\">\n\t\t\t\t\t\t\t\t<div class=\"elementor-element elementor-element-39363e7 elementor-widget elementor-widget-heading\" data-id=\"39363e7\" data-element_type=\"widget\" data-widget_type=\"heading.default\">\n\t\t\t\t<div class=\"elementor-widget-container\">\n\t\t\t<h2 class=\"elementor-heading-title elementor-size-default\">Escola i aprenentatge<\/h2>\t\t<\/div>\n\t\t\t\t<\/div>\n\t\t\t\t<div class=\"elementor-element elementor-element-777cb50 elementor-widget elementor-widget-text-editor\" data-id=\"777cb50\" data-element_type=\"widget\" data-widget_type=\"text-editor.default\">\n\t\t\t\t<div class=\"elementor-widget-container\">\n\t\t\t\t\t\t\t<p><span style=\"font-weight: 400;\">Els problemes d&#8217;aprenentatge interfereixen significativament en el rendiment acad\u00e8mic, en la seva autoestima, en les relacions socials&#8230; Per tant, \u00e9s de\u00a0m\u00e0xima\u00a0import\u00e0ncia detectar-los i diagnosticar-los per aplicar les millors eines per afavorir els aprenentatges del nen.<\/span><\/p>\t\t\t\t\t\t<\/div>\n\t\t\t\t<\/div>\n\t\t\t\t<div class=\"elementor-element elementor-element-4a7abd9 elementor-widget elementor-widget-toggle\" data-id=\"4a7abd9\" data-element_type=\"widget\" data-widget_type=\"toggle.default\">\n\t\t\t\t<div class=\"elementor-widget-container\">\n\t\t\t\t\t<div class=\"elementor-toggle\" role=\"tablist\">\n\t\t\t\t\t\t\t<div class=\"elementor-toggle-item\">\n\t\t\t\t\t<div id=\"elementor-tab-title-7801\" class=\"elementor-tab-title\" data-tab=\"1\" role=\"tab\" aria-controls=\"elementor-tab-content-7801\" aria-expanded=\"false\">\n\t\t\t\t\t\t\t\t\t\t\t\t<span class=\"elementor-toggle-icon elementor-toggle-icon-left\" aria-hidden=\"true\">\n\t\t\t\t\t\t\t\t\t\t\t\t\t\t\t<span class=\"elementor-toggle-icon-closed\"><i class=\"fas fa-plus\"><\/i><\/span>\n\t\t\t\t\t\t\t\t<span class=\"elementor-toggle-icon-opened\"><i class=\"elementor-toggle-icon-opened fas fa-minus\"><\/i><\/span>\n\t\t\t\t\t\t\t\t\t\t\t\t\t<\/span>\n\t\t\t\t\t\t\t\t\t\t\t\t<a href=\"\" class=\"elementor-toggle-title\">Trastorns de l'aprenentatge<\/a>\n\t\t\t\t\t<\/div>\n\n\t\t\t\t\t<div id=\"elementor-tab-content-7801\" class=\"elementor-tab-content elementor-clearfix\" data-tab=\"1\" role=\"tabpanel\" aria-labelledby=\"elementor-tab-title-7801\"><ul><li><span style=\"font-weight: 400;\">Dificultats i\u00a0problemes\u00a0de l&#8217;aprenentatge.<\/span><span style=\"font-weight: 400;\"><br \/><\/span><\/li><li><span style=\"font-weight: 400;\">Trastorns del llenguatge (TEL).<\/span><span style=\"font-weight: 400;\"><br \/><\/span><\/li><li><span style=\"font-weight: 400;\">Trastorn d&#8217;atenci\u00f3 amb hiperactivitat o sense (TDAH).<\/span><span style=\"font-weight: 400;\"><br \/><\/span><\/li><li><span style=\"font-weight: 400;\">Disl\u00e8xia i discalc\u00falia.<\/span><span style=\"font-weight: 400;\"><br \/><\/span><\/li><li><span style=\"font-weight: 400;\">Trastorn del llenguatge no verbal (TLNV).<\/span><span style=\"font-weight: 400;\"><br \/><\/span><\/li><li><span style=\"font-weight: 400;\">Orientaci\u00f3 escolar i professional.<\/span><span style=\"font-weight: 400;\"><br \/><\/span><\/li><li><span style=\"font-weight: 400;\">Dificultats en els estudis.<\/span><\/li><\/ul><\/div>\n\t\t\t\t<\/div>\n\t\t\t\t\t\t\t\t<\/div>\n\t\t\t\t<\/div>\n\t\t\t\t<\/div>\n\t\t\t\t<div class=\"elementor-element elementor-element-25dfb97 elementor-widget elementor-widget-image\" data-id=\"25dfb97\" data-element_type=\"widget\" data-widget_type=\"image.default\">\n\t\t\t\t<div class=\"elementor-widget-container\">\n\t\t\t\t\t\t\t\t\t\t\t\t\t\t\t<img loading=\"lazy\" decoding=\"async\" width=\"2560\" height=\"1707\" src=\"https:\/\/espaiblaussa.com\/wp-content\/uploads\/2022\/11\/nens-3-scaled.jpg\" class=\"elementor-animation-sink attachment-full size-full wp-image-494\" alt=\"\" srcset=\"https:\/\/espaiblaussa.com\/wp-content\/uploads\/2022\/11\/nens-3-scaled.jpg 2560w, https:\/\/espaiblaussa.com\/wp-content\/uploads\/2022\/11\/nens-3-300x200.jpg 300w, https:\/\/espaiblaussa.com\/wp-content\/uploads\/2022\/11\/nens-3-1024x683.jpg 1024w, https:\/\/espaiblaussa.com\/wp-content\/uploads\/2022\/11\/nens-3-768x512.jpg 768w, https:\/\/espaiblaussa.com\/wp-content\/uploads\/2022\/11\/nens-3-1536x1024.jpg 1536w, https:\/\/espaiblaussa.com\/wp-content\/uploads\/2022\/11\/nens-3-2048x1365.jpg 2048w, https:\/\/espaiblaussa.com\/wp-content\/uploads\/2022\/11\/nens-3-18x12.jpg 18w\" sizes=\"auto, (max-width: 2560px) 100vw, 2560px\" \/>\t\t\t\t\t\t\t\t\t\t\t\t\t\t\t<\/div>\n\t\t\t\t<\/div>\n\t\t\t\t\t<\/div>\n\t\t<\/div>\n\t\t\t\t\t\t\t<\/div>\n\t\t<\/section>\n\t\t\t\t<section class=\"elementor-section elementor-inner-section elementor-element elementor-element-66b5e35 elementor-section-boxed elementor-section-height-default elementor-section-height-default\" data-id=\"66b5e35\" data-element_type=\"section\">\n\t\t\t\t\t\t<div class=\"elementor-container elementor-column-gap-default\">\n\t\t\t\t\t<div class=\"elementor-column elementor-col-50 elementor-inner-column elementor-element elementor-element-6ba1b3c\" data-id=\"6ba1b3c\" data-element_type=\"column\" data-settings=\"{&quot;background_background&quot;:&quot;classic&quot;}\">\n\t\t\t<div class=\"elementor-widget-wrap elementor-element-populated\">\n\t\t\t\t\t\t\t\t<div class=\"elementor-element elementor-element-2732c85 elementor-widget elementor-widget-heading\" data-id=\"2732c85\" data-element_type=\"widget\" data-widget_type=\"heading.default\">\n\t\t\t\t<div class=\"elementor-widget-container\">\n\t\t\t<h2 class=\"elementor-heading-title elementor-size-default\">Autoestima i relacions socials<\/h2>\t\t<\/div>\n\t\t\t\t<\/div>\n\t\t\t\t<div class=\"elementor-element elementor-element-000f109 elementor-widget elementor-widget-text-editor\" data-id=\"000f109\" data-element_type=\"widget\" data-widget_type=\"text-editor.default\">\n\t\t\t\t<div class=\"elementor-widget-container\">\n\t\t\t\t\t\t\t<p><span style=\"font-weight: 400;\">Aquesta&nbsp;ter\u00e0pia&nbsp;per a nens i joves consisteix&nbsp;a&nbsp;potenciar, ensenyar i enfortir totes aquelles habilitats individuals i socials que ajudaran&nbsp;a l&#8217;adolescent&nbsp;a sentir-se m\u00e9s&nbsp;h\u00e0bil&nbsp;socialment. Treballarem estrat\u00e8gies per promoure i gestionar les relacions socials, estrat\u00e8gies per tenir una imatge real d&#8217;un mateix i per poder gestionar adequadament l&#8217;autoestima.<\/span><\/p>\t\t\t\t\t\t<\/div>\n\t\t\t\t<\/div>\n\t\t\t\t<div class=\"elementor-element elementor-element-7ee4eeb elementor-widget elementor-widget-toggle\" data-id=\"7ee4eeb\" data-element_type=\"widget\" data-widget_type=\"toggle.default\">\n\t\t\t\t<div class=\"elementor-widget-container\">\n\t\t\t\t\t<div class=\"elementor-toggle\" role=\"tablist\">\n\t\t\t\t\t\t\t<div class=\"elementor-toggle-item\">\n\t\t\t\t\t<div id=\"elementor-tab-title-1331\" class=\"elementor-tab-title\" data-tab=\"1\" role=\"tab\" aria-controls=\"elementor-tab-content-1331\" aria-expanded=\"false\">\n\t\t\t\t\t\t\t\t\t\t\t\t<span class=\"elementor-toggle-icon elementor-toggle-icon-left\" aria-hidden=\"true\">\n\t\t\t\t\t\t\t\t\t\t\t\t\t\t\t<span class=\"elementor-toggle-icon-closed\"><i class=\"fas fa-plus\"><\/i><\/span>\n\t\t\t\t\t\t\t\t<span class=\"elementor-toggle-icon-opened\"><i class=\"elementor-toggle-icon-opened fas fa-minus\"><\/i><\/span>\n\t\t\t\t\t\t\t\t\t\t\t\t\t<\/span>\n\t\t\t\t\t\t\t\t\t\t\t\t<a href=\"\" class=\"elementor-toggle-title\">Trastorns d'autoestima i relacioafectius<\/a>\n\t\t\t\t\t<\/div>\n\n\t\t\t\t\t<div id=\"elementor-tab-content-1331\" class=\"elementor-tab-content elementor-clearfix\" data-tab=\"1\" role=\"tabpanel\" aria-labelledby=\"elementor-tab-title-1331\"><ul><li><span style=\"font-weight: 400;\">Baixa autoestima.<\/span><span style=\"font-weight: 400;\"><br \/><\/span><\/li><li><span style=\"font-weight: 400;\">Sentiments i imatge distorsionada d&#8217;n mateix.<\/span><span style=\"font-weight: 400;\"><br \/><\/span><\/li><li><span style=\"font-weight: 400;\">Timidesa i inseguretats.<\/span><span style=\"font-weight: 400;\"><br \/><\/span><\/li><li><span style=\"font-weight: 400;\">Problemes\u00a0de comunicaci\u00f3 i habilitats socials.<\/span><span style=\"font-weight: 400;\"><br \/><\/span><\/li><li><span style=\"font-weight: 400;\">F\u00f2bia i pors socials.<\/span><span style=\"font-weight: 400;\"><br \/><\/span><\/li><li><span style=\"font-weight: 400;\">Gesti\u00f3 de les emocions i de la frustraci\u00f3.<\/span><span style=\"font-weight: 400;\"><br \/><\/span><\/li><\/ul><\/div>\n\t\t\t\t<\/div>\n\t\t\t\t\t\t\t\t<\/div>\n\t\t\t\t<\/div>\n\t\t\t\t<\/div>\n\t\t\t\t<div class=\"elementor-element elementor-element-7803e40 elementor-widget elementor-widget-image\" data-id=\"7803e40\" data-element_type=\"widget\" data-widget_type=\"image.default\">\n\t\t\t\t<div class=\"elementor-widget-container\">\n\t\t\t\t\t\t\t\t\t\t\t\t\t\t\t<img loading=\"lazy\" decoding=\"async\" width=\"2560\" height=\"1707\" src=\"https:\/\/espaiblaussa.com\/wp-content\/uploads\/2022\/11\/nens-1-scaled.jpg\" class=\"elementor-animation-sink attachment-full size-full wp-image-493\" alt=\"\" srcset=\"https:\/\/espaiblaussa.com\/wp-content\/uploads\/2022\/11\/nens-1-scaled.jpg 2560w, https:\/\/espaiblaussa.com\/wp-content\/uploads\/2022\/11\/nens-1-300x200.jpg 300w, https:\/\/espaiblaussa.com\/wp-content\/uploads\/2022\/11\/nens-1-1024x683.jpg 1024w, https:\/\/espaiblaussa.com\/wp-content\/uploads\/2022\/11\/nens-1-768x512.jpg 768w, https:\/\/espaiblaussa.com\/wp-content\/uploads\/2022\/11\/nens-1-1536x1024.jpg 1536w, https:\/\/espaiblaussa.com\/wp-content\/uploads\/2022\/11\/nens-1-2048x1365.jpg 2048w, https:\/\/espaiblaussa.com\/wp-content\/uploads\/2022\/11\/nens-1-18x12.jpg 18w\" sizes=\"auto, (max-width: 2560px) 100vw, 2560px\" \/>\t\t\t\t\t\t\t\t\t\t\t\t\t\t\t<\/div>\n\t\t\t\t<\/div>\n\t\t\t\t\t<\/div>\n\t\t<\/div>\n\t\t\t\t<div class=\"elementor-column elementor-col-50 elementor-inner-column elementor-element elementor-element-859a410\" data-id=\"859a410\" data-element_type=\"column\" data-settings=\"{&quot;background_background&quot;:&quot;classic&quot;}\">\n\t\t\t<div class=\"elementor-widget-wrap elementor-element-populated\">\n\t\t\t\t\t\t\t\t<div class=\"elementor-element elementor-element-069e47f elementor-widget elementor-widget-heading\" data-id=\"069e47f\" data-element_type=\"widget\" data-widget_type=\"heading.default\">\n\t\t\t\t<div class=\"elementor-widget-container\">\n\t\t\t<h2 class=\"elementor-heading-title elementor-size-default\">Assessorament a fam\u00edlies<\/h2>\t\t<\/div>\n\t\t\t\t<\/div>\n\t\t\t\t<div class=\"elementor-element elementor-element-4935479 elementor-widget elementor-widget-text-editor\" data-id=\"4935479\" data-element_type=\"widget\" data-widget_type=\"text-editor.default\">\n\t\t\t\t<div class=\"elementor-widget-container\">\n\t\t\t\t\t\t\t<p><span style=\"font-weight: 400;\">La intenci\u00f3 d&#8217;aquest recurs, \u00e9s poder oferir un espai c\u00f2mode i reconfortant on les fam\u00edlies puguin rebre assessorament que necessitin. Per tal d&#8217;aprendre a gestionar les situacions problem\u00e0tiques, i adquirir nous recursos educatius per a poder fomentar una relaci\u00f3 adequada i sana amb els seus fills i ajudar-los efica\u00e7ment en tots els seus desenvolupaments.<\/span><\/p>\t\t\t\t\t\t<\/div>\n\t\t\t\t<\/div>\n\t\t\t\t<div class=\"elementor-element elementor-element-299d3ac elementor-widget elementor-widget-toggle\" data-id=\"299d3ac\" data-element_type=\"widget\" data-widget_type=\"toggle.default\">\n\t\t\t\t<div class=\"elementor-widget-container\">\n\t\t\t\t\t<div class=\"elementor-toggle\" role=\"tablist\">\n\t\t\t\t\t\t\t<div class=\"elementor-toggle-item\">\n\t\t\t\t\t<div id=\"elementor-tab-title-4361\" class=\"elementor-tab-title\" data-tab=\"1\" role=\"tab\" aria-controls=\"elementor-tab-content-4361\" aria-expanded=\"false\">\n\t\t\t\t\t\t\t\t\t\t\t\t<span class=\"elementor-toggle-icon elementor-toggle-icon-left\" aria-hidden=\"true\">\n\t\t\t\t\t\t\t\t\t\t\t\t\t\t\t<span class=\"elementor-toggle-icon-closed\"><i class=\"fas fa-plus\"><\/i><\/span>\n\t\t\t\t\t\t\t\t<span class=\"elementor-toggle-icon-opened\"><i class=\"elementor-toggle-icon-opened fas fa-minus\"><\/i><\/span>\n\t\t\t\t\t\t\t\t\t\t\t\t\t<\/span>\n\t\t\t\t\t\t\t\t\t\t\t\t<a href=\"\" class=\"elementor-toggle-title\">Aprenentatges i recursos<\/a>\n\t\t\t\t\t<\/div>\n\n\t\t\t\t\t<div id=\"elementor-tab-content-4361\" class=\"elementor-tab-content elementor-clearfix\" data-tab=\"1\" role=\"tabpanel\" aria-labelledby=\"elementor-tab-title-4361\"><ul><li><span style=\"font-weight: 400;\">Problemes de relaci\u00f3 pares -fills.<\/span><span style=\"font-weight: 400;\"><br \/><\/span><\/li><li><span style=\"font-weight: 400;\">Educar en l&#8217;autoestima dels fills.<\/span><span style=\"font-weight: 400;\"><br \/><\/span><\/li><li><span style=\"font-weight: 400;\">Establir pautes educatives coherents.<\/span><span style=\"font-weight: 400;\"><br \/><\/span><\/li><li><span style=\"font-weight: 400;\">Educar en les emocions dels fills.<\/span><span style=\"font-weight: 400;\"><br \/><\/span><\/li><li><span style=\"font-weight: 400;\">Arribada d&#8217;un germ\u00e0 i gelosia.<\/span><span style=\"font-weight: 400;\"><br \/><\/span><\/li><li><span style=\"font-weight: 400;\">Arribada a l&#8217;adolesc\u00e8ncia.<\/span><\/li><\/ul><\/div>\n\t\t\t\t<\/div>\n\t\t\t\t\t\t\t\t<\/div>\n\t\t\t\t<\/div>\n\t\t\t\t<\/div>\n\t\t\t\t<div class=\"elementor-element elementor-element-41d1b64 elementor-widget elementor-widget-image\" data-id=\"41d1b64\" data-element_type=\"widget\" data-widget_type=\"image.default\">\n\t\t\t\t<div class=\"elementor-widget-container\">\n\t\t\t\t\t\t\t\t\t\t\t\t\t\t\t<img loading=\"lazy\" decoding=\"async\" width=\"2560\" height=\"1707\" src=\"https:\/\/espaiblaussa.com\/wp-content\/uploads\/2022\/11\/nens-adolescents-3-scaled.jpg\" class=\"elementor-animation-sink attachment-full size-full wp-image-496\" alt=\"\" srcset=\"https:\/\/espaiblaussa.com\/wp-content\/uploads\/2022\/11\/nens-adolescents-3-scaled.jpg 2560w, https:\/\/espaiblaussa.com\/wp-content\/uploads\/2022\/11\/nens-adolescents-3-300x200.jpg 300w, https:\/\/espaiblaussa.com\/wp-content\/uploads\/2022\/11\/nens-adolescents-3-1024x683.jpg 1024w, https:\/\/espaiblaussa.com\/wp-content\/uploads\/2022\/11\/nens-adolescents-3-768x512.jpg 768w, https:\/\/espaiblaussa.com\/wp-content\/uploads\/2022\/11\/nens-adolescents-3-1536x1024.jpg 1536w, https:\/\/espaiblaussa.com\/wp-content\/uploads\/2022\/11\/nens-adolescents-3-2048x1365.jpg 2048w, https:\/\/espaiblaussa.com\/wp-content\/uploads\/2022\/11\/nens-adolescents-3-18x12.jpg 18w\" sizes=\"auto, (max-width: 2560px) 100vw, 2560px\" \/>\t\t\t\t\t\t\t\t\t\t\t\t\t\t\t<\/div>\n\t\t\t\t<\/div>\n\t\t\t\t\t<\/div>\n\t\t<\/div>\n\t\t\t\t\t\t\t<\/div>\n\t\t<\/section>\n\t\t\t\t<section class=\"elementor-section elementor-inner-section elementor-element elementor-element-435bab4 elementor-section-boxed elementor-section-height-default elementor-section-height-default\" data-id=\"435bab4\" data-element_type=\"section\">\n\t\t\t\t\t\t<div class=\"elementor-container elementor-column-gap-default\">\n\t\t\t\t\t<div class=\"elementor-column elementor-col-50 elementor-inner-column elementor-element elementor-element-5392d3a\" data-id=\"5392d3a\" data-element_type=\"column\" data-settings=\"{&quot;background_background&quot;:&quot;classic&quot;}\">\n\t\t\t<div class=\"elementor-widget-wrap elementor-element-populated\">\n\t\t\t\t\t\t\t\t<div class=\"elementor-element elementor-element-79fa00d elementor-widget elementor-widget-heading\" data-id=\"79fa00d\" data-element_type=\"widget\" data-widget_type=\"heading.default\">\n\t\t\t\t<div class=\"elementor-widget-container\">\n\t\t\t<h2 class=\"elementor-heading-title elementor-size-default\">Avaluacions i informes<\/h2>\t\t<\/div>\n\t\t\t\t<\/div>\n\t\t\t\t<div class=\"elementor-element elementor-element-92a00d7 elementor-widget elementor-widget-text-editor\" data-id=\"92a00d7\" data-element_type=\"widget\" data-widget_type=\"text-editor.default\">\n\t\t\t\t<div class=\"elementor-widget-container\">\n\t\t\t\t\t\t\tLes avaluacions psicol\u00f2giques dels infants i adolescent es fan necess\u00e0ries per dissenyar el millor tractament. L\u2019objectiu de l\u2019avaluaci\u00f3 \u00e9s con\u00e8ixer els aspectes evolutius, maduratius, de desenvolupament, intel\u00b7lectual, cognitius, conductuals, emocionals i afectius del nen i adolescent.<br><br>Aquest proc\u00e9s inclou la primera visita amb la fam\u00edlia, escola\u2026, la passaci\u00f3 de proves estandaritzades per localitzar l\u2019origen de les dificultats o els processos psicol\u00f2gics que es volen valorar, i la devoluci\u00f3 de la informaci\u00f3. En funci\u00f3 des les necessitats o la demanda, l\u2019avaluaci\u00f3 comprendr\u00e0 l\u2019estudi i an\u00e0lisi d\u2019aspectes emocionals, conductuals o d\u2019interacci\u00f3 social, de capacitat cognitiva, o d\u2019habilitats o personalitat.\t\t\t\t\t\t<\/div>\n\t\t\t\t<\/div>\n\t\t\t\t<div class=\"elementor-element elementor-element-3b67cf8 elementor-widget elementor-widget-image\" data-id=\"3b67cf8\" data-element_type=\"widget\" data-widget_type=\"image.default\">\n\t\t\t\t<div class=\"elementor-widget-container\">\n\t\t\t\t\t\t\t\t\t\t\t\t\t\t\t<img loading=\"lazy\" decoding=\"async\" width=\"2560\" height=\"1710\" src=\"https:\/\/espaiblaussa.com\/wp-content\/uploads\/2023\/11\/IMG_6156-scaled-e1699978159254.jpg\" class=\"elementor-animation-sink attachment-full size-full wp-image-749\" alt=\"\" srcset=\"https:\/\/espaiblaussa.com\/wp-content\/uploads\/2023\/11\/IMG_6156-scaled-e1699978159254.jpg 2560w, https:\/\/espaiblaussa.com\/wp-content\/uploads\/2023\/11\/IMG_6156-scaled-e1699978159254-300x200.jpg 300w, https:\/\/espaiblaussa.com\/wp-content\/uploads\/2023\/11\/IMG_6156-scaled-e1699978159254-1024x684.jpg 1024w, https:\/\/espaiblaussa.com\/wp-content\/uploads\/2023\/11\/IMG_6156-scaled-e1699978159254-768x513.jpg 768w, https:\/\/espaiblaussa.com\/wp-content\/uploads\/2023\/11\/IMG_6156-scaled-e1699978159254-1536x1026.jpg 1536w, https:\/\/espaiblaussa.com\/wp-content\/uploads\/2023\/11\/IMG_6156-scaled-e1699978159254-2048x1368.jpg 2048w, https:\/\/espaiblaussa.com\/wp-content\/uploads\/2023\/11\/IMG_6156-scaled-e1699978159254-18x12.jpg 18w\" sizes=\"auto, (max-width: 2560px) 100vw, 2560px\" \/>\t\t\t\t\t\t\t\t\t\t\t\t\t\t\t<\/div>\n\t\t\t\t<\/div>\n\t\t\t\t\t<\/div>\n\t\t<\/div>\n\t\t\t\t<div class=\"elementor-column elementor-col-50 elementor-inner-column elementor-element elementor-element-80899cf\" data-id=\"80899cf\" data-element_type=\"column\">\n\t\t\t<div class=\"elementor-widget-wrap\">\n\t\t\t\t\t\t\t\t\t<\/div>\n\t\t<\/div>\n\t\t\t\t\t\t\t<\/div>\n\t\t<\/section>\n\t\t\t\t\t<\/div>\n\t\t<\/div>\n\t\t\t\t\t\t\t<\/div>\n\t\t<\/section>\n\t\t\t\t\t\t\t<\/div>","protected":false},"excerpt":{"rendered":"<p>Contacta&#8217;m Vetllar i acompanyar L&#8217;atenci\u00f3\u00a0psicol\u00f2gia\u00a0i emocional de l&#8217;infant i l&#8217;adolescent t\u00e9 com a finalitat vetllar i procurar pel seu benestar, ajudant a superar les dificultats que es trobaran en les diferents etapes del proc\u00e9s de creixement i maduraci\u00f3. Al meu costat, el nen aprendr\u00e0 una s\u00e8rie de recursos per superar aquestes situacions i prevenir-les en [&hellip;]<\/p>","protected":false},"author":1,"featured_media":0,"parent":0,"menu_order":0,"comment_status":"closed","ping_status":"closed","template":"","meta":{"footnotes":""},"class_list":["post-448","page","type-page","status-publish","hentry"],"_links":{"self":[{"href":"https:\/\/espaiblaussa.com\/es\/wp-json\/wp\/v2\/pages\/448","targetHints":{"allow":["GET"]}}],"collection":[{"href":"https:\/\/espaiblaussa.com\/es\/wp-json\/wp\/v2\/pages"}],"about":[{"href":"https:\/\/espaiblaussa.com\/es\/wp-json\/wp\/v2\/types\/page"}],"author":[{"embeddable":true,"href":"https:\/\/espaiblaussa.com\/es\/wp-json\/wp\/v2\/users\/1"}],"replies":[{"embeddable":true,"href":"https:\/\/espaiblaussa.com\/es\/wp-json\/wp\/v2\/comments?post=448"}],"version-history":[{"count":64,"href":"https:\/\/espaiblaussa.com\/es\/wp-json\/wp\/v2\/pages\/448\/revisions"}],"predecessor-version":[{"id":758,"href":"https:\/\/espaiblaussa.com\/es\/wp-json\/wp\/v2\/pages\/448\/revisions\/758"}],"wp:attachment":[{"href":"https:\/\/espaiblaussa.com\/es\/wp-json\/wp\/v2\/media?parent=448"}],"curies":[{"name":"wp","href":"https:\/\/api.w.org\/{rel}","templated":true}]}}